{"id":1547377,"date":"2026-04-22T18:28:49","date_gmt":"2026-04-22T18:28:49","guid":{"rendered":"https:\/\/foundinspain.com\/?property=atico-de-4-dormitorios-en-puerto-banus-265-m%c2%b2-1"},"modified":"2026-04-22T18:28:49","modified_gmt":"2026-04-22T18:28:49","slug":"atico-de-4-dormitorios-en-puerto-banus-265-m%c2%b2-1","status":"publish","type":"property","link":"https:\/\/foundinspain.com\/?property=atico-de-4-dormitorios-en-puerto-banus-265-m%c2%b2-1","title":{"rendered":"Top Floor Apartment in Puerto Ban\u00fas"},"content":{"rendered":"<p>\u00c1tico de 4 dormitorios en Puerto Ban\u00fas | 265 m\u00b2 | 1.380.000\u20ac<\/p>\n<p>Amplio \u00e1tico en planta superior situado en una consolidada urbanizaci\u00f3n cerrada en Puerto Ban\u00fas, una de las zonas m\u00e1s demandadas de la Costa del Sol.<\/p>\n<p>Con una superficie construida de 265 m\u00b2, la propiedad ofrece espacio, privacidad y excelente potencial tanto para uso residencial como inversi\u00f3n.<\/p>\n<p>Distribuci\u00f3n<\/p>\n<p>4 dormitorios<\/p>\n<p>3 ba\u00f1os<\/p>\n<p>Sal\u00f3n amplio con acceso directo a la terraza<\/p>\n<p>Cocina totalmente equipada<\/p>\n<p>Terraza espaciosa<\/p>\n<p>Caracter\u00edsticas<\/p>\n<p>\u00daltima planta (\u00e1tico)<\/p>\n<p>Urbanizaci\u00f3n cerrada con seguridad<\/p>\n<p>Piscinas comunitarias<\/p>\n<p>Jardines bien cuidados<\/p>\n<p>Ascensor<\/p>\n<p>Ubicaci\u00f3n<\/p>\n<p>Ubicado a pocos minutos de la playa, cerca de todos los servicios, restaurantes, comercios y zonas de ocio.<br \/>\nR\u00e1pido acceso a Marbella y zonas cercanas.<\/p>\n<p>Inversi\u00f3n<\/p>\n<p>Propiedad con alta demanda en alquiler, ideal tanto como residencia habitual como inversi\u00f3n.<\/p>\n<p>Precio: 1.380.000\u20ac<\/p>\n","protected":false},"excerpt":{"rendered":"<p>\u00c1tico de 4 dormitorios en Puerto Ban\u00fas | 265 m\u00b2 | 1.380.000\u20ac Amplio \u00e1tico en planta superior situado en una consolidada urbanizaci\u00f3n cerrada en Puerto Ban\u00fas, una de las zonas m\u00e1s demandadas de la Costa del Sol. Con una superficie construida de 265 m\u00b2, la propiedad ofrece espacio, privacidad y excelente potencial tanto para uso [&hellip;]<\/p>\n","protected":false},"author":2,"featured_media":1547378,"parent":0,"menu_order":0,"template":"","property_type":[405],"property_status":[121],"property_feature":[],"property_label":[],"property_country":[],"property_state":[],"property_city":[435],"property_area":[],"class_list":["post-1547377","property","type-property","status-publish","has-post-thumbnail","hentry","property_type-apartamento-en-planta-ultima","property_status-en-venta","property_city-puerto-banus"],"aioseo_notices":[],"property_meta":{"fave_property_id":["R5336557"],"fave_propery_reloaded":["2026-04-30"],"fave_property_price":["1480000"],"fave_property_size_prefix":["m\u00b2"],"fave_property_land_postfix":["m\u00b2"],"fave_property_size":["227"],"fave_property_land":["0"],"fave_property_bedrooms":["4"],"fave_property_bathrooms":["3"],"fave_featured":["0"],"houzez_featured_listing_date":[""],"fave_property_images":["1547378","1547379","1547380","1547381","1547382","1547383","1547384","1547385","1547386","1547387","1547388","1547389","1547390","1547391","1547392","1547393","1547394","1547395","1547396","1547397","1547398","1547399","1547400","1547401","1547402","1547403","1547404","1547405","1547406","1547407","1547408","1547409","1547410","1547411","1547412","1547413","1547414","1547415","1547416","1547417","1547418","1547419","1547420","1547421","1547422","1547423","1547424","1547425","1547426","1547427","1547428","1547429","1547430","1547431","1547432","1547433","1547434","1547435","1547436","1547437","1547438","1547439","1547440","1547441","1547442","1547443","1547444","1547445","1547446","1547447","1547448","1547449","1547450"],"_thumbnail_id":["1547378"],"houzez_total_property_views":["10"],"houzez_views_by_date":["a:6:{s:10:\"04-23-2026\";i:1;s:10:\"04-26-2026\";i:3;s:10:\"04-27-2026\";i:3;s:10:\"04-29-2026\";i:1;s:10:\"04-30-2026\";i:1;s:10:\"05-01-2026\";i:1;}"],"houzez_recently_viewed":["2026-05-01 08:07:40"]},"_links":{"self":[{"href":"https:\/\/foundinspain.com\/index.php?rest_route=\/wp\/v2\/properties\/1547377","targetHints":{"allow":["GET"]}}],"collection":[{"href":"https:\/\/foundinspain.com\/index.php?rest_route=\/wp\/v2\/properties"}],"about":[{"href":"https:\/\/foundinspain.com\/index.php?rest_route=\/wp\/v2\/types\/property"}],"author":[{"embeddable":true,"href":"https:\/\/foundinspain.com\/index.php?rest_route=\/wp\/v2\/users\/2"}],"version-history":[{"count":0,"href":"https:\/\/foundinspain.com\/index.php?rest_route=\/wp\/v2\/properties\/1547377\/revisions"}],"wp:featuredmedia":[{"embeddable":true,"href":"https:\/\/foundinspain.com\/index.php?rest_route=\/wp\/v2\/media\/1547378"}],"wp:attachment":[{"href":"https:\/\/foundinspain.com\/index.php?rest_route=%2Fwp%2Fv2%2Fmedia&parent=1547377"}],"wp:term":[{"taxonomy":"property_type","embeddable":true,"href":"https:\/\/foundinspain.com\/index.php?rest_route=%2Fwp%2Fv2%2Fproperty_type&post=1547377"},{"taxonomy":"property_status","embeddable":true,"href":"https:\/\/foundinspain.com\/index.php?rest_route=%2Fwp%2Fv2%2Fproperty_status&post=1547377"},{"taxonomy":"property_feature","embeddable":true,"href":"https:\/\/foundinspain.com\/index.php?rest_route=%2Fwp%2Fv2%2Fproperty_feature&post=1547377"},{"taxonomy":"property_label","embeddable":true,"href":"https:\/\/foundinspain.com\/index.php?rest_route=%2Fwp%2Fv2%2Fproperty_label&post=1547377"},{"taxonomy":"property_country","embeddable":true,"href":"https:\/\/foundinspain.com\/index.php?rest_route=%2Fwp%2Fv2%2Fproperty_country&post=1547377"},{"taxonomy":"property_state","embeddable":true,"href":"https:\/\/foundinspain.com\/index.php?rest_route=%2Fwp%2Fv2%2Fproperty_state&post=1547377"},{"taxonomy":"property_city","embeddable":true,"href":"https:\/\/foundinspain.com\/index.php?rest_route=%2Fwp%2Fv2%2Fproperty_city&post=1547377"},{"taxonomy":"property_area","embeddable":true,"href":"https:\/\/foundinspain.com\/index.php?rest_route=%2Fwp%2Fv2%2Fproperty_area&post=1547377"}],"curies":[{"name":"wp","href":"https:\/\/api.w.org\/{rel}","templated":true}]}}