{"id":1451285,"date":"2026-03-31T07:24:17","date_gmt":"2026-03-31T07:24:17","guid":{"rendered":"https:\/\/foundinspain.com\/?property=vive"},"modified":"2026-03-31T07:24:17","modified_gmt":"2026-03-31T07:24:17","slug":"vive","status":"publish","type":"property","link":"https:\/\/foundinspain.com\/?property=vive","title":{"rendered":"Middle Floor Apartment in M\u00e1laga Centro"},"content":{"rendered":"<p>VIVE&#8230; SIENTE&#8230; RESPIRA LA CIUDAD: Un hogar entre balcones y cielo, la M\u00e1laga m\u00e1s ic\u00f3nica a sus pies!<br \/>\nEn pleno coraz\u00f3n del centro hist\u00f3rico de M\u00e1laga, en un emblem\u00e1tico edificio de la calle Marqu\u00e9s de Larios, se encuentra este exclusivo apartamento de 80 m\u00b2 situado en uno de los edificios m\u00e1s representativos de la arquitectura burguesa del siglo XIX.<br \/>\nLa vivienda, en esquina, destaca por su impresionante luminosidad, gracias a sus siete balcones rodeando la propiedad, que ofrecen vistas privilegiadas a la elegante calle Marqu\u00e9s de Larios y una mirada lateral a la majestuosa Catedral de M\u00e1laga, uno de los monumentos m\u00e1s ic\u00f3nicos de la ciudad.<br \/>\nEl apartamento conserva el car\u00e1cter se\u00f1orial propio de los edificios hist\u00f3ricos del centro, con techos de m\u00e1s de tres metros de altura que aportan amplitud, elegancia y una sensaci\u00f3n \u00fanica de espacio. La abundante entrada de luz natural, combinada con la orientaci\u00f3n sur, crea estancias abiertas y muy agradables durante todo el d\u00eda.<br \/>\nVivir aqu\u00ed significa disfrutar de una ubicaci\u00f3n absolutamente privilegiada, rodeado de las mejores boutiques, restaurantes y espacios culturales del centro de M\u00e1laga, con el puerto, museos y el casco hist\u00f3rico a pocos pasos.<br \/>\nUna propiedad singular que combina historia, ubicaci\u00f3n y luminosidad, ideal tanto como residencia exclusiva en el centro, o como inversi\u00f3n, con su licencia tur\u00edstica en orden, en una de las direcciones m\u00e1s prestigiosas de la ciudad, donde podr\u00e1 vivir en exclusiva primera l\u00ednea, eventos como Semana Santa, Festival de Cine, programaci\u00f3n de Navidad, M\u00e1laga Fashion Week, Feria de Agosto, etc.<br \/>\nAqu\u00ed no solo se vive, se contempla. Se escucha el eco de la ciudad, se siente su ritmo, y se disfruta desde la intimidad de un lugar \u00fanico, donde cada ventana es un cuadro y cada d\u00eda, una escena irrepetible.<\/p>\n<p>Sepa m\u00e1s sobre la historia de la &quot;Calle Marqu\u00e9s de Larios&quot; aqu\u00ed:<br \/>\nhttps:\/\/www.malagahoy.es\/la-farola\/por-que-llama-calle-larios-malaga_0_2005192876.html<\/p>\n","protected":false},"excerpt":{"rendered":"<p>VIVE&#8230; SIENTE&#8230; RESPIRA LA CIUDAD: Un hogar entre balcones y cielo, la M\u00e1laga m\u00e1s ic\u00f3nica a sus pies! En pleno coraz\u00f3n del centro hist\u00f3rico de M\u00e1laga, en un emblem\u00e1tico edificio de la calle Marqu\u00e9s de Larios, se encuentra este exclusivo apartamento de 80 m\u00b2 situado en uno de los edificios m\u00e1s representativos de la arquitectura [&hellip;]<\/p>\n","protected":false},"author":2,"featured_media":1451286,"parent":0,"menu_order":0,"template":"","property_type":[393],"property_status":[121],"property_feature":[],"property_label":[],"property_country":[],"property_state":[],"property_city":[490],"property_area":[],"class_list":["post-1451285","property","type-property","status-publish","has-post-thumbnail","hentry","property_type-apartamento-planta-media","property_status-en-venta","property_city-malaga-centro"],"aioseo_notices":[],"property_meta":{"fave_property_id":["R5333299"],"fave_propery_reloaded":["2026-04-30"],"fave_property_price":["1280000"],"fave_property_size_prefix":["m\u00b2"],"fave_property_land_postfix":["m\u00b2"],"fave_property_size":["80"],"fave_property_land":["0"],"fave_property_bedrooms":["1"],"fave_property_bathrooms":["1"],"fave_featured":["0"],"houzez_featured_listing_date":[""],"fave_property_images":["1451286","1451287","1451288","1451289","1451290","1451291","1451292","1451293","1451294","1451295","1451296","1451297","1451298","1451299","1451300","1451301","1451302","1451303","1451304","1451305","1451306","1451307"],"_thumbnail_id":["1451286"],"houzez_total_property_views":["15"],"houzez_views_by_date":["a:7:{s:10:\"04-04-2026\";i:2;s:10:\"04-09-2026\";i:2;s:10:\"04-14-2026\";i:2;s:10:\"04-18-2026\";i:2;s:10:\"04-24-2026\";i:2;s:10:\"04-28-2026\";i:2;s:10:\"04-30-2026\";i:3;}"],"houzez_recently_viewed":["2026-04-30 23:45:52"],"_oembed_dba768997268fc01713e5bc898e24c0c":["{{unknown}}"]},"_links":{"self":[{"href":"https:\/\/foundinspain.com\/index.php?rest_route=\/wp\/v2\/properties\/1451285","targetHints":{"allow":["GET"]}}],"collection":[{"href":"https:\/\/foundinspain.com\/index.php?rest_route=\/wp\/v2\/properties"}],"about":[{"href":"https:\/\/foundinspain.com\/index.php?rest_route=\/wp\/v2\/types\/property"}],"author":[{"embeddable":true,"href":"https:\/\/foundinspain.com\/index.php?rest_route=\/wp\/v2\/users\/2"}],"version-history":[{"count":0,"href":"https:\/\/foundinspain.com\/index.php?rest_route=\/wp\/v2\/properties\/1451285\/revisions"}],"wp:featuredmedia":[{"embeddable":true,"href":"https:\/\/foundinspain.com\/index.php?rest_route=\/wp\/v2\/media\/1451286"}],"wp:attachment":[{"href":"https:\/\/foundinspain.com\/index.php?rest_route=%2Fwp%2Fv2%2Fmedia&parent=1451285"}],"wp:term":[{"taxonomy":"property_type","embeddable":true,"href":"https:\/\/foundinspain.com\/index.php?rest_route=%2Fwp%2Fv2%2Fproperty_type&post=1451285"},{"taxonomy":"property_status","embeddable":true,"href":"https:\/\/foundinspain.com\/index.php?rest_route=%2Fwp%2Fv2%2Fproperty_status&post=1451285"},{"taxonomy":"property_feature","embeddable":true,"href":"https:\/\/foundinspain.com\/index.php?rest_route=%2Fwp%2Fv2%2Fproperty_feature&post=1451285"},{"taxonomy":"property_label","embeddable":true,"href":"https:\/\/foundinspain.com\/index.php?rest_route=%2Fwp%2Fv2%2Fproperty_label&post=1451285"},{"taxonomy":"property_country","embeddable":true,"href":"https:\/\/foundinspain.com\/index.php?rest_route=%2Fwp%2Fv2%2Fproperty_country&post=1451285"},{"taxonomy":"property_state","embeddable":true,"href":"https:\/\/foundinspain.com\/index.php?rest_route=%2Fwp%2Fv2%2Fproperty_state&post=1451285"},{"taxonomy":"property_city","embeddable":true,"href":"https:\/\/foundinspain.com\/index.php?rest_route=%2Fwp%2Fv2%2Fproperty_city&post=1451285"},{"taxonomy":"property_area","embeddable":true,"href":"https:\/\/foundinspain.com\/index.php?rest_route=%2Fwp%2Fv2%2Fproperty_area&post=1451285"}],"curies":[{"name":"wp","href":"https:\/\/api.w.org\/{rel}","templated":true}]}}